{"id":55,"date":"2015-04-26T13:30:07","date_gmt":"2015-04-26T13:30:07","guid":{"rendered":"http:\/\/whitecollars.co\/tilt-demo\/?page_id=55"},"modified":"2022-09-28T18:16:17","modified_gmt":"2022-09-28T23:16:17","slug":"home","status":"publish","type":"page","link":"https:\/\/bubacomix.net\/","title":{"rendered":"Home"},"content":{"rendered":"<div class=\"wpb-content-wrapper\"><p>[vc_row row_type=&#8221;row&#8221; use_row_as_full_screen_section=&#8221;no&#8221; type=&#8221;grid&#8221; text_align=&#8221;center&#8221; padding_top=&#8221;59&#8243; padding_bottom=&#8221;67&#8243; box_shadow_on_row=&#8221;no&#8221;][vc_column]<div class=\"custom_font_holder\" style=\"font-family: Norican; font-size: 30px; font-style: italic; font-weight: 300; color: #bc522b; text-decoration: none; letter-spacing: 2px;; padding: 0; margin: 0; text-transform: capitalize; text-align: center\" data-font-size=30 ><div  >Breve Proleg\u00f3meno<\/div><\/div>[vc_separator width=&#8221;100&#8243; thickness=&#8221;2&#8243; type=&#8221;small&#8221; position=&#8221;center&#8221; color=&#8221;#dbdbdb&#8221; border_style=&#8221;solid&#8221; up_style=&#8221;px&#8221; down_style=&#8221;px&#8221;]<div class=\"custom_font_holder\" style=\"font-family: Raleway; font-size: 33px; line-height: 50px; font-style: normal; font-weight: 800; color: #464646; text-decoration: none; letter-spacing: 0px;; padding: 0; margin: 0; text-transform: uppercase; text-align: center\" data-font-size=33 data-line-height=50 ><span class=\"typed\" data-loop=true data-speed=50 data-back_delay=1000   ><span>Baj\u00f3 El Profeta De La Monta\u00f1a<\/span><span>Contrat\u00f3 Hosting Por Dos A\u00f1os Y Dijo:<\/span><span>``Sobre Este Sitio Web Edificar\u00e9 Mi Templo``<\/span><\/span><\/div>[vc_separator type=&#8221;transparent&#8221; up=&#8221;18&#8243; up_style=&#8221;px&#8221; down=&#8221;0&#8243; down_style=&#8221;px&#8221;][vc_column_text]<\/p>\n<h4>En el origen de los tiempos, el espacio natural para las historietas de Buba fueron las revistas de carne y hueso: <em>Histerietas<\/em>, <em>Gallito<\/em><em> C\u00f3mic\u2019s<\/em> y <em>La Mosca<\/em> -entre las m\u00e1s destacadas- permitieron que el personaje se desarrollase con la regularidad y consistencia que s\u00f3lo una publicaci\u00f3n peri\u00f3dica sabe brindar. Con la muerte paulatina de la industria editorial, la desaparici\u00f3n de aquellos generosos espacios y el advenimiento de la era digital, la presencia de Buba ha quedado cada vez m\u00e1s a la deriva y se ha tornado tan accidentada como espor\u00e1dica.<br \/>\nEn este contexto no me queda m\u00e1s que hacer de mi propio anfitri\u00f3n y fundar esta suerte de blog-revista-horfanato (me resisto a utilizar el t\u00e9rmino <i>web c\u00f3mic<\/i>) para retomar la existencia consuetudinaria de la ni\u00f1a de la triste figura.<span class=\"Apple-converted-space\"><br \/>\n<\/span>Aunque mi intenci\u00f3n era publicar al menos una vez por semana la realidad opin\u00f3 lo contrario, as\u00ed que ir\u00e9 sumando nuevas publicaciones cada que mis condiciones laborales, econ\u00f3micas y creativas lo permitan.<\/h4>\n<p>[\/vc_column_text][\/vc_column][\/vc_row][vc_row row_type=&#8221;row&#8221; use_row_as_full_screen_section=&#8221;no&#8221; type=&#8221;grid&#8221; text_align=&#8221;left&#8221; background_color=&#8221;#f7f7f7&#8243; padding_top=&#8221;58&#8243; padding_bottom=&#8221;90&#8243; box_shadow_on_row=&#8221;no&#8221;][vc_column]<div class=\"custom_font_holder\" style=\"font-family: Norican; font-size: 30px; font-style: italic; font-weight: 300; color: #bc522b; text-decoration: none; letter-spacing: 2px;; padding: 0; margin: 0; text-transform: capitalize; text-align: center\" data-font-size=30 ><div  >Lo M\u00e1s Reciente<\/div><\/div>[vc_separator width=&#8221;100&#8243; thickness=&#8221;2&#8243; type=&#8221;small&#8221; position=&#8221;center&#8221; color=&#8221;#dbdbdb&#8221; border_style=&#8221;solid&#8221; up_style=&#8221;px&#8221; down_style=&#8221;px&#8221;][vc_column_text]<\/p>\n<h2 style=\"text-align: center;\">Desde El Epicentro De Este Blog<\/h2>\n<p>[\/vc_column_text][vc_separator type=&#8221;transparent&#8221; up=&#8221;40&#8243; up_style=&#8221;px&#8221; down=&#8221;0&#8243; down_style=&#8221;px&#8221;]<div class=\"latest_post_holder  boxes three_columns\"><ul class='post_list'><li class=\"clearfix\" ><div class=\"box_padding_border\"><div class=\"boxes_image\"><a href=\"https:\/\/bubacomix.net\/?p=349199\"><img loading=\"lazy\" decoding=\"async\" width=\"550\" height=\"550\" src=\"https:\/\/bubacomix.net\/wp-content\/uploads\/2022\/12\/09-INFOMERCIAL-WEB-550x550.jpg\" class=\"attachment-eltd-moose-portfolio-square size-eltd-moose-portfolio-square wp-post-image\" alt=\"\" srcset=\"https:\/\/bubacomix.net\/wp-content\/uploads\/2022\/12\/09-INFOMERCIAL-WEB-550x550.jpg 550w, https:\/\/bubacomix.net\/wp-content\/uploads\/2022\/12\/09-INFOMERCIAL-WEB-150x150.jpg 150w, https:\/\/bubacomix.net\/wp-content\/uploads\/2022\/12\/09-INFOMERCIAL-WEB-1000x1000.jpg 1000w\" sizes=\"auto, (max-width: 550px) 100vw, 550px\" \/><div class=\"boxes_shader\"><\/div><\/a><div class=\"boxes_corner_info\"><div class=\"latest_post_date_corner_holder\"><span class=\"date_day\">15<\/span><span class=\"date_month_year\">Dec 2022<\/span><\/div><div class=\"latest_post_comments_corner\"> <a class=\"post_comments\" href=\"https:\/\/bubacomix.net\/?p=349199#comments\"><span class=\"comments_no\">3<\/span><span class=\"icon-bubbles comment_icon\"><\/span><\/a><\/div><\/div><\/div><div class=\"latest_post\" ><div class=\"latest_post_text\"><div class=\"latest_post_title_holder\"><h5 class=\"latest_post_title \" ><a href=\"https:\/\/bubacomix.net\/?p=349199\" style = \"\">EL CORAZ\u00d3N DEL LABERINTO [INFOMERCIAL]<\/a><\/h5><\/div><p class=\"excerpt\" >Como algunos lectores ya habr\u00e1n notado, he tenido que abandonar la creaci\u00f3n de tiras de Buba por motivos de diversa \u00edndole. Uno de ellos fue la preparaci\u00f3n para imprenta de mi libro Flor de Adrenali...<\/p><div class=\"post_info_section\" ><div class=\"latest_post_author\"><a class=\"post_author_link\" href=\"https:\/\/bubacomix.net\/?author=2\"><span class = \"author_icon icon-user\" ><\/span><span  >Jos\u00e9 Quintero<\/span><\/a><\/div><div class=\"latest_post_categories\"> <span class = \"category_icon icon-tag\" ><\/span><a  href=\"https:\/\/bubacomix.net\/?cat=65\">Blanco y Negro <\/a> <a  href=\"https:\/\/bubacomix.net\/?cat=68\">C\u00f3mix <\/a> <a  href=\"https:\/\/bubacomix.net\/?cat=348\">Infomerciales <\/a> <a  href=\"https:\/\/bubacomix.net\/?cat=1\">Sin categor\u00eda <\/a> <a  href=\"https:\/\/bubacomix.net\/?cat=345\">Surrealismo al mojo de ajo <\/a> <\/div><\/div><\/div><\/div><\/div><\/li><li class=\"clearfix\" ><div class=\"box_padding_border\"><div class=\"boxes_image\"><a href=\"https:\/\/bubacomix.net\/?p=349187\"><img loading=\"lazy\" decoding=\"async\" width=\"550\" height=\"550\" src=\"https:\/\/bubacomix.net\/wp-content\/uploads\/2022\/10\/08-Nanylka-otra-vez-WEB-550x550.jpg\" class=\"attachment-eltd-moose-portfolio-square size-eltd-moose-portfolio-square wp-post-image\" alt=\"\" srcset=\"https:\/\/bubacomix.net\/wp-content\/uploads\/2022\/10\/08-Nanylka-otra-vez-WEB-550x550.jpg 550w, https:\/\/bubacomix.net\/wp-content\/uploads\/2022\/10\/08-Nanylka-otra-vez-WEB-150x150.jpg 150w, https:\/\/bubacomix.net\/wp-content\/uploads\/2022\/10\/08-Nanylka-otra-vez-WEB-1000x1000.jpg 1000w\" sizes=\"auto, (max-width: 550px) 100vw, 550px\" \/><div class=\"boxes_shader\"><\/div><\/a><div class=\"boxes_corner_info\"><div class=\"latest_post_date_corner_holder\"><span class=\"date_day\">19<\/span><span class=\"date_month_year\">Oct 2022<\/span><\/div><div class=\"latest_post_comments_corner\"> <a class=\"post_comments\" href=\"https:\/\/bubacomix.net\/?p=349187#comments\"><span class=\"comments_no\">2<\/span><span class=\"icon-bubbles comment_icon\"><\/span><\/a><\/div><\/div><\/div><div class=\"latest_post\" ><div class=\"latest_post_text\"><div class=\"latest_post_title_holder\"><h5 class=\"latest_post_title \" ><a href=\"https:\/\/bubacomix.net\/?p=349187\" style = \"\">NANYLKA OTRA VEZ<\/a><\/h5><\/div><p class=\"excerpt\" >La semana pasada tuve un sue\u00f1o (desde luego, mucho m\u00e1s elaborado y abundante en detalles respecto a esta historieta) en el que volv\u00ed a encontrarme con mi perrita. En fechas recientes he procurado tom...<\/p><div class=\"post_info_section\" ><div class=\"latest_post_author\"><a class=\"post_author_link\" href=\"https:\/\/bubacomix.net\/?author=2\"><span class = \"author_icon icon-user\" ><\/span><span  >Jos\u00e9 Quintero<\/span><\/a><\/div><div class=\"latest_post_categories\"> <span class = \"category_icon icon-tag\" ><\/span><a  href=\"https:\/\/bubacomix.net\/?cat=65\">Blanco y Negro <\/a> <a  href=\"https:\/\/bubacomix.net\/?cat=68\">C\u00f3mix <\/a> <\/div><\/div><\/div><\/div><\/div><\/li><li class=\"clearfix\" ><div class=\"box_padding_border\"><div class=\"boxes_image\"><a href=\"https:\/\/bubacomix.net\/?p=349123\"><img loading=\"lazy\" decoding=\"async\" width=\"550\" height=\"550\" src=\"https:\/\/bubacomix.net\/wp-content\/uploads\/2022\/10\/07-La-Vejez-WEB-550x550.jpg\" class=\"attachment-eltd-moose-portfolio-square size-eltd-moose-portfolio-square wp-post-image\" alt=\"\" srcset=\"https:\/\/bubacomix.net\/wp-content\/uploads\/2022\/10\/07-La-Vejez-WEB-550x550.jpg 550w, https:\/\/bubacomix.net\/wp-content\/uploads\/2022\/10\/07-La-Vejez-WEB-150x150.jpg 150w, https:\/\/bubacomix.net\/wp-content\/uploads\/2022\/10\/07-La-Vejez-WEB-1000x1000.jpg 1000w\" sizes=\"auto, (max-width: 550px) 100vw, 550px\" \/><div class=\"boxes_shader\"><\/div><\/a><div class=\"boxes_corner_info\"><div class=\"latest_post_date_corner_holder\"><span class=\"date_day\">05<\/span><span class=\"date_month_year\">Oct 2022<\/span><\/div><div class=\"latest_post_comments_corner\"> <a class=\"post_comments\" href=\"https:\/\/bubacomix.net\/?p=349123#respond\"><span class=\"comments_no\">0<\/span><span class=\"icon-bubbles comment_icon\"><\/span><\/a><\/div><\/div><\/div><div class=\"latest_post\" ><div class=\"latest_post_text\"><div class=\"latest_post_title_holder\"><h5 class=\"latest_post_title \" ><a href=\"https:\/\/bubacomix.net\/?p=349123\" style = \"\">La vejez<\/a><\/h5><\/div><p class=\"excerpt\" >Hace ya algunas semanas le\u00ed el tweet de una mujer que, haciendo referencia a alg\u00fan drama juvenil, dec\u00eda de forma ir\u00f3nica: &#8220;la juventud, la conozco. Alguna vez estuve ah\u00ed&#8221;. Pens\u00e9 que se...<\/p><div class=\"post_info_section\" ><div class=\"latest_post_author\"><a class=\"post_author_link\" href=\"https:\/\/bubacomix.net\/?author=2\"><span class = \"author_icon icon-user\" ><\/span><span  >Jos\u00e9 Quintero<\/span><\/a><\/div><div class=\"latest_post_categories\"> <span class = \"category_icon icon-tag\" ><\/span><a  href=\"https:\/\/bubacomix.net\/?cat=65\">Blanco y Negro <\/a> <a  href=\"https:\/\/bubacomix.net\/?cat=68\">C\u00f3mix <\/a> <a  href=\"https:\/\/bubacomix.net\/?cat=345\">Surrealismo al mojo de ajo <\/a> <\/div><\/div><\/div><\/div><\/div><\/li><li class=\"clearfix\" ><div class=\"box_padding_border\"><div class=\"boxes_image\"><a href=\"https:\/\/bubacomix.net\/?p=349119\"><img loading=\"lazy\" decoding=\"async\" width=\"550\" height=\"550\" src=\"https:\/\/bubacomix.net\/wp-content\/uploads\/2022\/10\/06-Rumiantes-WEB-550x550.jpg\" class=\"attachment-eltd-moose-portfolio-square size-eltd-moose-portfolio-square wp-post-image\" alt=\"\" srcset=\"https:\/\/bubacomix.net\/wp-content\/uploads\/2022\/10\/06-Rumiantes-WEB-550x550.jpg 550w, https:\/\/bubacomix.net\/wp-content\/uploads\/2022\/10\/06-Rumiantes-WEB-150x150.jpg 150w, https:\/\/bubacomix.net\/wp-content\/uploads\/2022\/10\/06-Rumiantes-WEB-1000x1000.jpg 1000w\" sizes=\"auto, (max-width: 550px) 100vw, 550px\" \/><div class=\"boxes_shader\"><\/div><\/a><div class=\"boxes_corner_info\"><div class=\"latest_post_date_corner_holder\"><span class=\"date_day\">01<\/span><span class=\"date_month_year\">Oct 2022<\/span><\/div><div class=\"latest_post_comments_corner\"> <a class=\"post_comments\" href=\"https:\/\/bubacomix.net\/?p=349119#respond\"><span class=\"comments_no\">0<\/span><span class=\"icon-bubbles comment_icon\"><\/span><\/a><\/div><\/div><\/div><div class=\"latest_post\" ><div class=\"latest_post_text\"><div class=\"latest_post_title_holder\"><h5 class=\"latest_post_title \" ><a href=\"https:\/\/bubacomix.net\/?p=349119\" style = \"\">Rumiantes<\/a><\/h5><\/div><p class=\"excerpt\" >Si pudiera definir mi impronta creativa dir\u00eda que generalmente est\u00e1 basada en ocurrencias. Las ideas surgen espont\u00e1neamente y mi trabajo consiste en atraparlas al vuelo y darles forma sin que pierdan...<\/p><div class=\"post_info_section\" ><div class=\"latest_post_author\"><a class=\"post_author_link\" href=\"https:\/\/bubacomix.net\/?author=2\"><span class = \"author_icon icon-user\" ><\/span><span  >Jos\u00e9 Quintero<\/span><\/a><\/div><div class=\"latest_post_categories\"> <span class = \"category_icon icon-tag\" ><\/span><a  href=\"https:\/\/bubacomix.net\/?cat=65\">Blanco y Negro <\/a> <a  href=\"https:\/\/bubacomix.net\/?cat=68\">C\u00f3mix <\/a> <a  href=\"https:\/\/bubacomix.net\/?cat=67\">Media plana <\/a> <a  href=\"https:\/\/bubacomix.net\/?cat=345\">Surrealismo al mojo de ajo <\/a> <\/div><\/div><\/div><\/div><\/div><\/li><li class=\"clearfix\" ><div class=\"box_padding_border\"><div class=\"boxes_image\"><a href=\"https:\/\/bubacomix.net\/?p=349114\"><img loading=\"lazy\" decoding=\"async\" width=\"550\" height=\"550\" src=\"https:\/\/bubacomix.net\/wp-content\/uploads\/2022\/09\/05-El-viaje-WEB-550x550.jpg\" class=\"attachment-eltd-moose-portfolio-square size-eltd-moose-portfolio-square wp-post-image\" alt=\"\" srcset=\"https:\/\/bubacomix.net\/wp-content\/uploads\/2022\/09\/05-El-viaje-WEB-550x550.jpg 550w, https:\/\/bubacomix.net\/wp-content\/uploads\/2022\/09\/05-El-viaje-WEB-150x150.jpg 150w, https:\/\/bubacomix.net\/wp-content\/uploads\/2022\/09\/05-El-viaje-WEB-1000x1000.jpg 1000w\" sizes=\"auto, (max-width: 550px) 100vw, 550px\" \/><div class=\"boxes_shader\"><\/div><\/a><div class=\"boxes_corner_info\"><div class=\"latest_post_date_corner_holder\"><span class=\"date_day\">28<\/span><span class=\"date_month_year\">Sep 2022<\/span><\/div><div class=\"latest_post_comments_corner\"> <a class=\"post_comments\" href=\"https:\/\/bubacomix.net\/?p=349114#comments\"><span class=\"comments_no\">1<\/span><span class=\"icon-bubbles comment_icon\"><\/span><\/a><\/div><\/div><\/div><div class=\"latest_post\" ><div class=\"latest_post_text\"><div class=\"latest_post_title_holder\"><h5 class=\"latest_post_title \" ><a href=\"https:\/\/bubacomix.net\/?p=349114\" style = \"\">EL VIAJE<\/a><\/h5><\/div><p class=\"excerpt\" >Desarroll\u00e9 el gui\u00f3n de las cinco primeras historietas en una sola tarde. Comenc\u00e9 con &#8220;Pensamientos&#8221; y en la medida que iba avanzando con el boceto se me ocurr\u00eda las siguiente historia, y...<\/p><div class=\"post_info_section\" ><div class=\"latest_post_author\"><a class=\"post_author_link\" href=\"https:\/\/bubacomix.net\/?author=2\"><span class = \"author_icon icon-user\" ><\/span><span  >Jos\u00e9 Quintero<\/span><\/a><\/div><div class=\"latest_post_categories\"> <span class = \"category_icon icon-tag\" ><\/span><a  href=\"https:\/\/bubacomix.net\/?cat=65\">Blanco y Negro <\/a> <a  href=\"https:\/\/bubacomix.net\/?cat=68\">C\u00f3mix <\/a> <a  href=\"https:\/\/bubacomix.net\/?cat=345\">Surrealismo al mojo de ajo <\/a> <\/div><\/div><\/div><\/div><\/div><\/li><li class=\"clearfix\" ><div class=\"box_padding_border\"><div class=\"boxes_image\"><a href=\"https:\/\/bubacomix.net\/?p=349108\"><img loading=\"lazy\" decoding=\"async\" width=\"550\" height=\"550\" src=\"https:\/\/bubacomix.net\/wp-content\/uploads\/2022\/09\/04-El-loco-del-laberinto-WEB-550x550.jpg\" class=\"attachment-eltd-moose-portfolio-square size-eltd-moose-portfolio-square wp-post-image\" alt=\"\" srcset=\"https:\/\/bubacomix.net\/wp-content\/uploads\/2022\/09\/04-El-loco-del-laberinto-WEB-550x550.jpg 550w, https:\/\/bubacomix.net\/wp-content\/uploads\/2022\/09\/04-El-loco-del-laberinto-WEB-150x150.jpg 150w, https:\/\/bubacomix.net\/wp-content\/uploads\/2022\/09\/04-El-loco-del-laberinto-WEB-1000x1000.jpg 1000w\" sizes=\"auto, (max-width: 550px) 100vw, 550px\" \/><div class=\"boxes_shader\"><\/div><\/a><div class=\"boxes_corner_info\"><div class=\"latest_post_date_corner_holder\"><span class=\"date_day\">27<\/span><span class=\"date_month_year\">Sep 2022<\/span><\/div><div class=\"latest_post_comments_corner\"> <a class=\"post_comments\" href=\"https:\/\/bubacomix.net\/?p=349108#comments\"><span class=\"comments_no\">3<\/span><span class=\"icon-bubbles comment_icon\"><\/span><\/a><\/div><\/div><\/div><div class=\"latest_post\" ><div class=\"latest_post_text\"><div class=\"latest_post_title_holder\"><h5 class=\"latest_post_title \" ><a href=\"https:\/\/bubacomix.net\/?p=349108\" style = \"\">EL LOCO DEL LABERINTO<\/a><\/h5><\/div><p class=\"excerpt\" >Para elaborar este historieta retom\u00e9 una idea que ya hab\u00eda abordado anteriormente en un cart\u00f3n implublicado de Buba. Al final de su vida Nietzsche hab\u00eda perdido para siempre la raz\u00f3n y la cordura. ...<\/p><div class=\"post_info_section\" ><div class=\"latest_post_author\"><a class=\"post_author_link\" href=\"https:\/\/bubacomix.net\/?author=2\"><span class = \"author_icon icon-user\" ><\/span><span  >Jos\u00e9 Quintero<\/span><\/a><\/div><div class=\"latest_post_categories\"> <span class = \"category_icon icon-tag\" ><\/span><a  href=\"https:\/\/bubacomix.net\/?cat=65\">Blanco y Negro <\/a> <a  href=\"https:\/\/bubacomix.net\/?cat=68\">C\u00f3mix <\/a> <\/div><\/div><\/div><\/div><\/div><\/li><\/ul><\/div>[\/vc_column][\/vc_row]<\/p>\n<\/div>","protected":false},"excerpt":{"rendered":"<p>[vc_row row_type=&#8221;row&#8221; use_row_as_full_screen_section=&#8221;no&#8221; type=&#8221;grid&#8221; text_align=&#8221;center&#8221; padding_top=&#8221;59&#8243; padding_bottom=&#8221;67&#8243; box_shadow_on_row=&#8221;no&#8221;][vc_column][vc_separator width=&#8221;100&#8243; thickness=&#8221;2&#8243; type=&#8221;small&#8221; position=&#8221;center&#8221; color=&#8221;#dbdbdb&#8221; border_style=&#8221;solid&#8221; up_style=&#8221;px&#8221; down_style=&#8221;px&#8221;][vc_separator type=&#8221;transparent&#8221; up=&#8221;18&#8243; up_style=&#8221;px&#8221; down=&#8221;0&#8243; down_style=&#8221;px&#8221;][vc_column_text] En el origen de los tiempos, el espacio natural para las historietas de Buba fueron las revistas de carne y hueso: Histerietas, Gallito C\u00f3mic\u2019s&#8230;<\/p>\n","protected":false},"author":2,"featured_media":0,"parent":0,"menu_order":0,"comment_status":"open","ping_status":"open","template":"full_width.php","meta":{"footnotes":""},"class_list":["post-55","page","type-page","status-publish","hentry"],"_links":{"self":[{"href":"https:\/\/bubacomix.net\/index.php?rest_route=\/wp\/v2\/pages\/55","targetHints":{"allow":["GET"]}}],"collection":[{"href":"https:\/\/bubacomix.net\/index.php?rest_route=\/wp\/v2\/pages"}],"about":[{"href":"https:\/\/bubacomix.net\/index.php?rest_route=\/wp\/v2\/types\/page"}],"author":[{"embeddable":true,"href":"https:\/\/bubacomix.net\/index.php?rest_route=\/wp\/v2\/users\/2"}],"replies":[{"embeddable":true,"href":"https:\/\/bubacomix.net\/index.php?rest_route=%2Fwp%2Fv2%2Fcomments&post=55"}],"version-history":[{"count":27,"href":"https:\/\/bubacomix.net\/index.php?rest_route=\/wp\/v2\/pages\/55\/revisions"}],"predecessor-version":[{"id":349118,"href":"https:\/\/bubacomix.net\/index.php?rest_route=\/wp\/v2\/pages\/55\/revisions\/349118"}],"wp:attachment":[{"href":"https:\/\/bubacomix.net\/index.php?rest_route=%2Fwp%2Fv2%2Fmedia&parent=55"}],"curies":[{"name":"wp","href":"https:\/\/api.w.org\/{rel}","templated":true}]}}